{"id":3564,"date":"2021-08-12T06:00:11","date_gmt":"2021-08-12T06:00:11","guid":{"rendered":"https:\/\/casoteca.ro\/magazin\/?post_type=product&#038;p=3564"},"modified":"2024-02-06T09:13:36","modified_gmt":"2024-02-06T09:13:36","slug":"purificator-de-aer-inteligent-vestfrost-vp-a1z40wh","status":"publish","type":"product","link":"https:\/\/casoteca.ro\/magazin\/produs\/purificator-de-aer-inteligent-vestfrost-vp-a1z40wh\/","title":{"rendered":"Purificator de aer inteligent Vestfrost VP-A1Z40WH"},"content":{"rendered":"<h3><strong><b>Purificator de aer inteligent Vestfrost VP-A1Z40WH<\/b><\/strong><\/h3>\n<p>Purificator de aer inteligent Vestfrost VP-A1Z40WH &#8211; Respira\u021bi aer natural proasp\u0103t \u0219i s\u0103n\u0103tos \u00een propria locuin\u021b\u0103, f\u0103r\u0103 smog, praf, virusuri \u0219i bacterii.<\/p>\n<ul>\n<li><strong>HEPA<\/strong> \u00eendep\u0103rteaz\u0103 p\u00e2n\u0103 la 99,95% din particulele periculoase care au o m\u0103rime de 0,3 microni, precum smog, bacterii, virusuri, alergeni.<\/li>\n<li><strong>Inteligente.<\/strong> Controlate prin aplica\u021bie.<\/li>\n<li><strong>Ioni de plasm\u0103.<\/strong> Tehnologie cu ioni pozitivi \u0219i negativi care \u00eenl\u0103tur\u0103 mirosurile nepl\u0103cute.<\/li>\n<li><strong>Indicatoare PM TVOC<\/strong><\/li>\n<li><strong>LED UV-C.<\/strong> Lumina UV-C neutralizeaz\u0103 bacteriile la nivel biologic.<\/li>\n<li><strong>Mod Auto.<\/strong> Atunci c\u00e2nd func\u021bioneaz\u0103 \u00een modul Auto, aparatul utilizeaz\u0103 senzorul de calitate a aerului \u0219i modific\u0103 automat parametrii de purificare \u00een func\u021bie de nivelul de poluare.<\/li>\n<li><strong>Sistem triplu de filtrare<\/strong><\/li>\n<li><strong>Mod de noapte<\/strong><\/li>\n<li><strong>Afi\u0219aj color<\/strong><\/li>\n<li><strong>Protec\u021bie pentru copii<\/strong><\/li>\n<li><strong>Ventilator cu 5 viteze<\/strong><\/li>\n<li><strong>Indicator de \u00eenlocuire a filtrului<\/strong><\/li>\n<\/ul>\n<h3><strong><b>Specifica\u021bii tehnice:<\/b><\/strong><\/h3>\n<table width=\"595\">\n<tbody>\n<tr>\n<td width=\"276\">Suprafa\u021b\u0103 [m2]<\/td>\n<td width=\"319\"><strong>48<\/strong><\/td>\n<\/tr>\n<tr>\n<td>CADR PM [m3\/h]<\/td>\n<td><strong>350<\/strong><\/td>\n<\/tr>\n<tr>\n<td><\/td>\n<td><strong>Wi-Fi<\/strong><\/td>\n<\/tr>\n<tr>\n<td><\/td>\n<td><strong>17dB (A)<\/strong><\/td>\n<\/tr>\n<tr>\n<td><\/td>\n<td><\/td>\n<\/tr>\n<tr>\n<td><strong>DATE DE BAZ\u0102:<\/strong><\/td>\n<td><\/td>\n<\/tr>\n<tr>\n<td>Filtre<\/td>\n<td><strong>prefiltru, HEPA, carbon<\/strong><\/td>\n<\/tr>\n<tr>\n<td>Senzori<\/td>\n<td><strong>praf, TVOC<\/strong><\/td>\n<\/tr>\n<tr>\n<td>Indicatoare<\/td>\n<td><strong>PM 1, PM 2.5, PM 10, TVOC<\/strong><\/td>\n<\/tr>\n<tr>\n<td>Motor<\/td>\n<td><strong>motor invertor<\/strong><\/td>\n<\/tr>\n<tr>\n<td>Moduri de func\u021bionare a ventilatorului<\/td>\n<td><strong>Sleep \/ Redus \/ Mediu \/ \u00cenalt \/ Maxim<\/strong><\/td>\n<\/tr>\n<tr>\n<td>Nivel de zgomot dB(A)<\/td>\n<td><strong>Sleep &#8211; 17 \/ Redus &#8211; 31 \/ Mediu &#8211; 38 \/<\/strong><br \/>\n<strong>\u00cenalt &#8211; 43 \/ Maxim &#8211; 52<\/strong><\/td>\n<\/tr>\n<tr>\n<td><\/td>\n<td><\/td>\n<\/tr>\n<tr>\n<td><strong>EMISII LED UV-C<\/strong><\/td>\n<td><\/td>\n<\/tr>\n<tr>\n<td>Surs\u0103 de unde UV<\/td>\n<td><strong>LED lungime de und\u0103 200 ~ 280nm<\/strong><\/td>\n<\/tr>\n<tr>\n<td>Timp de r\u0103spuns<\/td>\n<td><strong>sub 1 s<\/strong><\/td>\n<\/tr>\n<tr>\n<td>Intensitate luminoas\u0103<\/td>\n<td><strong>1W\/cm2, f\u0103r\u0103 emisii de c\u0103ldur\u0103<\/strong><\/td>\n<\/tr>\n<tr>\n<td>Durat\u0103 de func\u021bionare<\/td>\n<td><strong>&gt; 15.000 ore<\/strong><\/td>\n<\/tr>\n<tr>\n<td><\/td>\n<td><\/td>\n<\/tr>\n<tr>\n<td><strong>DIMENSIUNI<\/strong><\/td>\n<td><\/td>\n<\/tr>\n<tr>\n<td>\u00cen\u0103l\u021bime<\/td>\n<td><strong>671 mm<\/strong><\/td>\n<\/tr>\n<tr>\n<td>Lungime<\/td>\n<td><strong>280 mm<\/strong><\/td>\n<\/tr>\n<tr>\n<td>L\u0103\u021bime<\/td>\n<td><strong>280 mm<\/strong><\/td>\n<\/tr>\n<tr>\n<td><\/td>\n<td><\/td>\n<\/tr>\n<tr>\n<td><strong>PARAMETRI<\/strong><\/td>\n<td><\/td>\n<\/tr>\n<tr>\n<td>Greutate net\u0103\/brut\u0103 [kg]<\/td>\n<td><strong>7,0 \/ 8,8<\/strong><\/td>\n<\/tr>\n<tr>\n<td>Curent nominal [W]<\/td>\n<td><strong>38<\/strong><\/td>\n<\/tr>\n<tr>\n<td>Tensiune \u0219i frecven\u021b\u0103 [V\/Hz]<\/td>\n<td><strong>220-240 \/ 50<\/strong><\/td>\n<\/tr>\n<\/tbody>\n<\/table>\n<h3>Purificare a aerului \u00een 5 pa\u0219i<\/h3>\n<p>De ce este procesul de <strong>purificare a aerului \u00een 5 pa\u0219i<\/strong> din purificatoarele de aer Vestfrost at\u00e2t de eficient?<\/p>\n<p>Pe l\u00e2ng\u0103 sistemul de filtrare, purificatoarele de aer Vestfrost utilizeaz\u0103 dou\u0103 metode suplimentare de neutralizare a substan\u021belor poluante. Toate modelele de aceast\u0103 marc\u0103 sunt dotate cu filtre 3-\u00een-1 care absorb 99,95% din particulele d\u0103un\u0103toare mici de 0,3 microni. Procesul de tratare este completat de tehnologiile inovatoare cu LED UV-C \u0219i ioni de plasm\u0103.<\/p>\n<p><strong>1. Pre-filtru:<\/strong> primul filtru colecteaz\u0103 particulele mari, precum p\u0103rul uman \u0219i de animale, dar \u0219i praful.<\/p>\n<p><strong>2. Filtru HEPA<\/strong> neutralizeaz\u0103 majoritatea substan\u021belor poluante nedorite, precum particule \u00een suspensie (PM2.5, PM10, PM1), care constituie principala component\u0103 a smogului; polen, spori de mucegai \u0219i acarieni.<\/p>\n<p><strong>3. Filtru de carbon<\/strong> \u00eendep\u0103rteaz\u0103 compu\u0219ii organici volatili (TVOC) \u0219i mirosurile nepl\u0103cute.<\/p>\n<p><strong>4. LED UV-C<\/strong> este o tehnologie care utilizeaz\u0103 raze UV pentru a elimina eficient diverse tipuri de patogeni. Cu c\u00e2t lungimea de und\u0103 este mai mare, cu at\u00e2t mai eficient\u0103 este purificarea aerului. Poten\u021bialul acestei tehnologii a crescut prin amplasarea ledului UV-C \u00een centrul purificatorului, fluxul de aer provenit din filtre fiind supus unui proces suplimentar de purificare \u00eenainte de urm\u0103torii pa\u0219i de func\u021bionare.<\/p>\n<p>Tehnologia LED UV-C este de300 de ori mai rapid\u0103, iar timpul s\u0103u de func\u021bionare este de aproape 4 ori mai lung. Este sigur\u0103 \u00een utilizare, iar costurile de operare sunt reduse.*<\/p>\n<p>\u00cen mai pu\u021bin de o secund\u0103, componenta este gata s\u0103 elimine particulele mai mici de 0,3 microni care au trecut prin filtre. Datorit\u0103 dimensiunii sale mici, dioda ledului UV-C poate fi utilizat\u0103 \u00een aparate de mici dimensiuni, iar lipsa componentelor din sticl\u0103 (care se sparg u\u0219or) prelunge\u0219te durata de via\u021b\u0103 a aparatului. Lipsa compu\u0219ilor d\u0103un\u0103tori de mercur \u0219i a emisiilor de ozon \u0219i de c\u0103ldur\u0103 cresc siguran\u021ba \u00een func\u021bionare.<\/p>\n<p>Tehnologia LED UV-C nu este costisitoare &#8211; tensiunea redus\u0103 (10% din cea a unei l\u0103mpi UV obi\u0219nuite) \u0219i curentul de mic\u0103 intensitate garanteaz\u0103 un consum sc\u0103zut de curent electric.<\/p>\n<p>*comparativ cu l\u0103mpile UV conven\u021bionale<\/p>\n<p><strong>5. Ioni de plasm\u0103.<\/strong> Procesul de purificare \u00een 5 pa\u0219i utilizeaz\u0103 tehnologia ionilor de plasm\u0103, bazat\u0103 pe generarea de ioni pozitivi \u0219i negativi. C\u00e2nd sunt elibera\u021bi \u00een atmosfer\u0103 \u00eempreun\u0103 cu aerul purificat, ionii caut\u0103 \u0219i neutralizeaz\u0103 \u00een mod activ bacteriile \u0219i virusurile \u0219i elimin\u0103 mirosurile nepl\u0103cute. Ace\u0219tia reduc \u0219i electricitatea static\u0103, diminu\u00e2nd semnificativ cantitatea de praf din cas\u0103, care este responsabil\u0103 pentru 80% din reac\u021biile alergice.<\/p>\n","protected":false},"excerpt":{"rendered":"<p>Purificator de aer inteligent Vestfrost VP-A1Z40WH &#8211; Respira\u021bi aer natural proasp\u0103t \u0219i s\u0103n\u0103tos \u00een propria locuin\u021b\u0103, f\u0103r\u0103 smog, praf, virusuri \u0219i bacterii.<\/p>\n<h4 style=\"text-align: left;\">Sun\u0103 acum la <a href=\"tel:+40 722 103 283\">+40 722 103 283<\/a> pentru reduceri suplimentare<\/h4>\n","protected":false},"featured_media":3566,"template":"","meta":[],"product_cat":[102],"product_tag":[],"class_list":{"0":"post-3564","1":"product","2":"type-product","3":"status-publish","4":"has-post-thumbnail","6":"product_cat-purificator-aer","8":"first","9":"instock","10":"shipping-taxable","11":"purchasable","12":"product-type-simple"},"yoast_head":"<!-- This site is optimized with the Yoast SEO plugin v23.3 - https:\/\/yoast.com\/wordpress\/plugins\/seo\/ -->\n<title>Purificator de aer inteligent Vestfrost VP-A1Z40WH<\/title>\n<meta name=\"description\" content=\"Purificator de aer inteligent Vestfrost VP-A1Z40WH - Respira\u021bi aer natural proasp\u0103t \u0219i s\u0103n\u0103tos \u00een propria locuin\u021b\u0103, f\u0103r\u0103 praf, virusuri...\" \/>\n<meta name=\"robots\" content=\"index, follow, max-snippet:-1, max-image-preview:large, max-video-preview:-1\" \/>\n<link rel=\"canonical\" href=\"https:\/\/casoteca.ro\/magazin\/produs\/purificator-de-aer-inteligent-vestfrost-vp-a1z40wh\/\" \/>\n<meta property=\"og:locale\" content=\"ro_RO\" \/>\n<meta property=\"og:type\" content=\"article\" \/>\n<meta property=\"og:title\" content=\"Purificator de aer inteligent Vestfrost VP-A1Z40WH\" \/>\n<meta property=\"og:description\" content=\"Purificator de aer inteligent Vestfrost VP-A1Z40WH - Respira\u021bi aer natural proasp\u0103t \u0219i s\u0103n\u0103tos \u00een propria locuin\u021b\u0103, f\u0103r\u0103 praf, virusuri...\" \/>\n<meta property=\"og:url\" content=\"https:\/\/casoteca.ro\/magazin\/produs\/purificator-de-aer-inteligent-vestfrost-vp-a1z40wh\/\" \/>\n<meta property=\"og:site_name\" content=\"Casoteca Magazin\" \/>\n<meta property=\"article:modified_time\" content=\"2024-02-06T09:13:36+00:00\" \/>\n<meta property=\"og:image\" content=\"https:\/\/casoteca.ro\/magazin\/wp-content\/uploads\/2021\/08\/Purificator-de-aer-inteligent-Vestfrost-VP-A1Z40WH_1.jpg\" \/>\n\t<meta property=\"og:image:width\" content=\"800\" \/>\n\t<meta property=\"og:image:height\" content=\"800\" \/>\n\t<meta property=\"og:image:type\" content=\"image\/jpeg\" \/>\n<meta name=\"twitter:card\" content=\"summary_large_image\" \/>\n<meta name=\"twitter:label1\" content=\"Timp estimat pentru citire\" \/>\n\t<meta name=\"twitter:data1\" content=\"4 minute\" \/>\n<script type=\"application\/ld+json\" class=\"yoast-schema-graph\">{\"@context\":\"https:\/\/schema.org\",\"@graph\":[{\"@type\":\"WebPage\",\"@id\":\"https:\/\/casoteca.ro\/magazin\/produs\/purificator-de-aer-inteligent-vestfrost-vp-a1z40wh\/\",\"url\":\"https:\/\/casoteca.ro\/magazin\/produs\/purificator-de-aer-inteligent-vestfrost-vp-a1z40wh\/\",\"name\":\"Purificator de aer inteligent Vestfrost VP-A1Z40WH\",\"isPartOf\":{\"@id\":\"https:\/\/casoteca.ro\/magazin\/#website\"},\"primaryImageOfPage\":{\"@id\":\"https:\/\/casoteca.ro\/magazin\/produs\/purificator-de-aer-inteligent-vestfrost-vp-a1z40wh\/#primaryimage\"},\"image\":{\"@id\":\"https:\/\/casoteca.ro\/magazin\/produs\/purificator-de-aer-inteligent-vestfrost-vp-a1z40wh\/#primaryimage\"},\"thumbnailUrl\":\"https:\/\/casoteca.ro\/magazin\/wp-content\/uploads\/2021\/08\/Purificator-de-aer-inteligent-Vestfrost-VP-A1Z40WH_1.jpg\",\"datePublished\":\"2021-08-12T06:00:11+00:00\",\"dateModified\":\"2024-02-06T09:13:36+00:00\",\"description\":\"Purificator de aer inteligent Vestfrost VP-A1Z40WH - Respira\u021bi aer natural proasp\u0103t \u0219i s\u0103n\u0103tos \u00een propria locuin\u021b\u0103, f\u0103r\u0103 praf, virusuri...\",\"breadcrumb\":{\"@id\":\"https:\/\/casoteca.ro\/magazin\/produs\/purificator-de-aer-inteligent-vestfrost-vp-a1z40wh\/#breadcrumb\"},\"inLanguage\":\"ro-RO\",\"potentialAction\":[{\"@type\":\"ReadAction\",\"target\":[\"https:\/\/casoteca.ro\/magazin\/produs\/purificator-de-aer-inteligent-vestfrost-vp-a1z40wh\/\"]}]},{\"@type\":\"ImageObject\",\"inLanguage\":\"ro-RO\",\"@id\":\"https:\/\/casoteca.ro\/magazin\/produs\/purificator-de-aer-inteligent-vestfrost-vp-a1z40wh\/#primaryimage\",\"url\":\"https:\/\/casoteca.ro\/magazin\/wp-content\/uploads\/2021\/08\/Purificator-de-aer-inteligent-Vestfrost-VP-A1Z40WH_1.jpg\",\"contentUrl\":\"https:\/\/casoteca.ro\/magazin\/wp-content\/uploads\/2021\/08\/Purificator-de-aer-inteligent-Vestfrost-VP-A1Z40WH_1.jpg\",\"width\":800,\"height\":800},{\"@type\":\"BreadcrumbList\",\"@id\":\"https:\/\/casoteca.ro\/magazin\/produs\/purificator-de-aer-inteligent-vestfrost-vp-a1z40wh\/#breadcrumb\",\"itemListElement\":[{\"@type\":\"ListItem\",\"position\":1,\"name\":\"Prima pagin\u0103\",\"item\":\"https:\/\/casoteca.ro\/magazin\/\"},{\"@type\":\"ListItem\",\"position\":2,\"name\":\"Magazin\",\"item\":\"https:\/\/casoteca.ro\/magazin\/magazin-2\/\"},{\"@type\":\"ListItem\",\"position\":3,\"name\":\"Purificator de aer inteligent Vestfrost VP-A1Z40WH\"}]},{\"@type\":\"WebSite\",\"@id\":\"https:\/\/casoteca.ro\/magazin\/#website\",\"url\":\"https:\/\/casoteca.ro\/magazin\/\",\"name\":\"Casoteca Magazin\",\"description\":\"Purificator de aer. Aspirator f\u0103r\u0103 fir. Plasmacluster\",\"potentialAction\":[{\"@type\":\"SearchAction\",\"target\":{\"@type\":\"EntryPoint\",\"urlTemplate\":\"https:\/\/casoteca.ro\/magazin\/?s={search_term_string}\"},\"query-input\":\"required name=search_term_string\"}],\"inLanguage\":\"ro-RO\"}]}<\/script>\n<!-- \/ Yoast SEO plugin. -->","yoast_head_json":{"title":"Purificator de aer inteligent Vestfrost VP-A1Z40WH","description":"Purificator de aer inteligent Vestfrost VP-A1Z40WH - Respira\u021bi aer natural proasp\u0103t \u0219i s\u0103n\u0103tos \u00een propria locuin\u021b\u0103, f\u0103r\u0103 praf, virusuri...","robots":{"index":"index","follow":"follow","max-snippet":"max-snippet:-1","max-image-preview":"max-image-preview:large","max-video-preview":"max-video-preview:-1"},"canonical":"https:\/\/casoteca.ro\/magazin\/produs\/purificator-de-aer-inteligent-vestfrost-vp-a1z40wh\/","og_locale":"ro_RO","og_type":"article","og_title":"Purificator de aer inteligent Vestfrost VP-A1Z40WH","og_description":"Purificator de aer inteligent Vestfrost VP-A1Z40WH - Respira\u021bi aer natural proasp\u0103t \u0219i s\u0103n\u0103tos \u00een propria locuin\u021b\u0103, f\u0103r\u0103 praf, virusuri...","og_url":"https:\/\/casoteca.ro\/magazin\/produs\/purificator-de-aer-inteligent-vestfrost-vp-a1z40wh\/","og_site_name":"Casoteca Magazin","article_modified_time":"2024-02-06T09:13:36+00:00","og_image":[{"width":800,"height":800,"url":"https:\/\/casoteca.ro\/magazin\/wp-content\/uploads\/2021\/08\/Purificator-de-aer-inteligent-Vestfrost-VP-A1Z40WH_1.jpg","type":"image\/jpeg"}],"twitter_card":"summary_large_image","twitter_misc":{"Timp estimat pentru citire":"4 minute"},"schema":{"@context":"https:\/\/schema.org","@graph":[{"@type":"WebPage","@id":"https:\/\/casoteca.ro\/magazin\/produs\/purificator-de-aer-inteligent-vestfrost-vp-a1z40wh\/","url":"https:\/\/casoteca.ro\/magazin\/produs\/purificator-de-aer-inteligent-vestfrost-vp-a1z40wh\/","name":"Purificator de aer inteligent Vestfrost VP-A1Z40WH","isPartOf":{"@id":"https:\/\/casoteca.ro\/magazin\/#website"},"primaryImageOfPage":{"@id":"https:\/\/casoteca.ro\/magazin\/produs\/purificator-de-aer-inteligent-vestfrost-vp-a1z40wh\/#primaryimage"},"image":{"@id":"https:\/\/casoteca.ro\/magazin\/produs\/purificator-de-aer-inteligent-vestfrost-vp-a1z40wh\/#primaryimage"},"thumbnailUrl":"https:\/\/casoteca.ro\/magazin\/wp-content\/uploads\/2021\/08\/Purificator-de-aer-inteligent-Vestfrost-VP-A1Z40WH_1.jpg","datePublished":"2021-08-12T06:00:11+00:00","dateModified":"2024-02-06T09:13:36+00:00","description":"Purificator de aer inteligent Vestfrost VP-A1Z40WH - Respira\u021bi aer natural proasp\u0103t \u0219i s\u0103n\u0103tos \u00een propria locuin\u021b\u0103, f\u0103r\u0103 praf, virusuri...","breadcrumb":{"@id":"https:\/\/casoteca.ro\/magazin\/produs\/purificator-de-aer-inteligent-vestfrost-vp-a1z40wh\/#breadcrumb"},"inLanguage":"ro-RO","potentialAction":[{"@type":"ReadAction","target":["https:\/\/casoteca.ro\/magazin\/produs\/purificator-de-aer-inteligent-vestfrost-vp-a1z40wh\/"]}]},{"@type":"ImageObject","inLanguage":"ro-RO","@id":"https:\/\/casoteca.ro\/magazin\/produs\/purificator-de-aer-inteligent-vestfrost-vp-a1z40wh\/#primaryimage","url":"https:\/\/casoteca.ro\/magazin\/wp-content\/uploads\/2021\/08\/Purificator-de-aer-inteligent-Vestfrost-VP-A1Z40WH_1.jpg","contentUrl":"https:\/\/casoteca.ro\/magazin\/wp-content\/uploads\/2021\/08\/Purificator-de-aer-inteligent-Vestfrost-VP-A1Z40WH_1.jpg","width":800,"height":800},{"@type":"BreadcrumbList","@id":"https:\/\/casoteca.ro\/magazin\/produs\/purificator-de-aer-inteligent-vestfrost-vp-a1z40wh\/#breadcrumb","itemListElement":[{"@type":"ListItem","position":1,"name":"Prima pagin\u0103","item":"https:\/\/casoteca.ro\/magazin\/"},{"@type":"ListItem","position":2,"name":"Magazin","item":"https:\/\/casoteca.ro\/magazin\/magazin-2\/"},{"@type":"ListItem","position":3,"name":"Purificator de aer inteligent Vestfrost VP-A1Z40WH"}]},{"@type":"WebSite","@id":"https:\/\/casoteca.ro\/magazin\/#website","url":"https:\/\/casoteca.ro\/magazin\/","name":"Casoteca Magazin","description":"Purificator de aer. Aspirator f\u0103r\u0103 fir. Plasmacluster","potentialAction":[{"@type":"SearchAction","target":{"@type":"EntryPoint","urlTemplate":"https:\/\/casoteca.ro\/magazin\/?s={search_term_string}"},"query-input":"required name=search_term_string"}],"inLanguage":"ro-RO"}]}},"jetpack_sharing_enabled":true,"_links":{"self":[{"href":"https:\/\/casoteca.ro\/magazin\/wp-json\/wp\/v2\/product\/3564","targetHints":{"allow":["GET"]}}],"collection":[{"href":"https:\/\/casoteca.ro\/magazin\/wp-json\/wp\/v2\/product"}],"about":[{"href":"https:\/\/casoteca.ro\/magazin\/wp-json\/wp\/v2\/types\/product"}],"wp:featuredmedia":[{"embeddable":true,"href":"https:\/\/casoteca.ro\/magazin\/wp-json\/wp\/v2\/media\/3566"}],"wp:attachment":[{"href":"https:\/\/casoteca.ro\/magazin\/wp-json\/wp\/v2\/media?parent=3564"}],"wp:term":[{"taxonomy":"product_cat","embeddable":true,"href":"https:\/\/casoteca.ro\/magazin\/wp-json\/wp\/v2\/product_cat?post=3564"},{"taxonomy":"product_tag","embeddable":true,"href":"https:\/\/casoteca.ro\/magazin\/wp-json\/wp\/v2\/product_tag?post=3564"}],"curies":[{"name":"wp","href":"https:\/\/api.w.org\/{rel}","templated":true}]}}